{"id":218,"date":"2020-02-27T11:22:41","date_gmt":"2020-02-27T11:22:41","guid":{"rendered":"https:\/\/www.hypnose-bw.eu\/?page_id=218"},"modified":"2022-09-27T12:22:10","modified_gmt":"2022-09-27T12:22:10","slug":"ngh-chapter-baden-wuerttemberg","status":"publish","type":"page","link":"https:\/\/www.hypnose-bw.eu\/index.php\/ueber-uns\/ngh-chapter-baden-wuerttemberg\/","title":{"rendered":"NGH-CHapter Baden-W\u00fcrttemberg"},"content":{"rendered":"<p>[et_pb_section fb_built=&#8220;1&#8243; _builder_version=&#8220;4.16&#8243; custom_padding=&#8220;1px|||||&#8220; global_colors_info=&#8220;{}&#8220;][et_pb_row _builder_version=&#8220;4.16&#8243; module_alignment=&#8220;center&#8220; custom_margin=&#8220;|auto||180px||&#8220; custom_padding=&#8220;30px|||||&#8220; module_alignment_last_edited=&#8220;off|desktop&#8220; global_colors_info=&#8220;{}&#8220;][et_pb_column type=&#8220;4_4&#8243; _builder_version=&#8220;4.16&#8243; global_colors_info=&#8220;{}&#8220;][et_pb_divider color=&#8220;#5d9d8b&#8220; divider_weight=&#8220;2px&#8220; _builder_version=&#8220;4.16&#8243; transform_translate=&#8220;0px|10px&#8220; transform_translate_linked=&#8220;off&#8220; width=&#8220;10%&#8220; module_alignment=&#8220;center&#8220; custom_margin=&#8220;|||493px||&#8220; global_colors_info=&#8220;{}&#8220;][\/et_pb_divider][et_pb_text _builder_version=&#8220;4.16&#8243; text_font=&#8220;Barlow||||||||&#8220; text_text_color=&#8220;#5D9D8B&#8220; header_font=&#8220;Barlow||||||||&#8220; header_text_color=&#8220;#024669&#8243; custom_margin=&#8220;||29px|||&#8220; custom_padding=&#8220;0px||0px|||&#8220; saved_tabs=&#8220;all&#8220; inline_fonts=&#8220;Roboto Slab&#8220; global_colors_info=&#8220;{}&#8220;]<\/p>\n<p style=\"text-align: center;\"><span style=\"font-size: xx-large; font-family: 'Roboto Slab';\">NGH-Chapter Baden-W\u00fcrttemberg<\/span><\/p>\n<p>[\/et_pb_text][et_pb_text _builder_version=&#8220;4.16&#8243; text_font=&#8220;|300|||||||&#8220; text_text_color=&#8220;#666666&#8243; text_font_size=&#8220;20px&#8220; text_line_height=&#8220;1.5em&#8220; header_2_font=&#8220;Barlow||||||||&#8220; custom_margin=&#8220;-1px||-1px||true|&#8220; custom_padding=&#8220;3px||5px|||&#8220; text_font_size_tablet=&#8220;18px&#8220; text_font_size_phone=&#8220;16px&#8220; text_font_size_last_edited=&#8220;on|phone&#8220; global_colors_info=&#8220;{}&#8220;]<\/p>\n<p class=\"termin_head\">Treffen der Hypnotiseure und Hypnosetherapeuten in Baden-W\u00fcrttemberg. Im Vordergrund der <a href=\"file:\/\/\/glossar\/23-NGH-Chapter.html#23\" title=\"\" class=\"glossar_link\">NGH-Chapter<\/a> Treffen in Baden-W\u00fcrttemberg steht der aktive Erfahrungsaustausch. So werden wir bei jedem dieser Treffen ein spezielles Thema aufbereiten und in einer Pr\u00e4sentation oder Demonstration weitergeben. Jeder Hypnotiseur oder Hypnosetherapeut hat seine Erfahrungen und Spezialgebiete und vom anderen zu Lernen macht uns in der Gemeinschaft st\u00e4rker.<\/p>\n<p>Teilnehmen kann jeder der eine Grundausbildung in <a href=\"file:\/\/\/glossar\/17-Hypnose.html#17\" title=\"\" class=\"glossar_link\">Hypnose,<\/a> Hypnosetherapie oder einer artverwandten Ausbildung wie NLP, Mentaltrainer usw. absolviert hat. Hierbei spielt es keine Rolle wo die Ausbildung gemacht wurde. Ebenfalls sind auch Sch\u00fcler willkommen die sich gerade in einer Hypnoseausbildung befinden oder diese demn\u00e4chst beginnen. Gerne d\u00fcrfen sie auch ein oder zwei interessierte Freunde mitbringen.<\/p>\n<p>[\/et_pb_text][\/et_pb_column][\/et_pb_row][et_pb_row _builder_version=&#8220;4.16&#8243; module_alignment=&#8220;center&#8220; custom_margin=&#8220;|auto||180px||&#8220; custom_padding=&#8220;30px|||||&#8220; global_colors_info=&#8220;{}&#8220;][et_pb_column type=&#8220;4_4&#8243; _builder_version=&#8220;4.16&#8243; global_colors_info=&#8220;{}&#8220;][et_pb_divider color=&#8220;#5d9d8b&#8220; divider_weight=&#8220;2px&#8220; _builder_version=&#8220;4.16&#8243; transform_translate=&#8220;0px|10px&#8220; transform_translate_linked=&#8220;off&#8220; width=&#8220;10%&#8220; module_alignment=&#8220;center&#8220; custom_margin=&#8220;|||493px||&#8220; global_colors_info=&#8220;{}&#8220;][\/et_pb_divider][et_pb_text _builder_version=&#8220;4.16&#8243; text_font=&#8220;Barlow||||||||&#8220; text_text_color=&#8220;#5D9D8B&#8220; header_font=&#8220;Barlow||||||||&#8220; header_text_color=&#8220;#024669&#8243; custom_margin=&#8220;||29px|||&#8220; custom_padding=&#8220;0px||0px|||&#8220; saved_tabs=&#8220;all&#8220; inline_fonts=&#8220;Roboto Slab&#8220; global_colors_info=&#8220;{}&#8220;]<\/p>\n<p style=\"text-align: center;\"><span style=\"font-size: xx-large; font-family: 'Roboto Slab';\">National Guilde of Hypnotists (NGH)<\/span><\/p>\n<p>[\/et_pb_text][et_pb_text _builder_version=&#8220;4.16&#8243; text_font=&#8220;|300|||||||&#8220; text_text_color=&#8220;#666666&#8243; text_font_size=&#8220;20px&#8220; text_line_height=&#8220;1.5em&#8220; header_2_font=&#8220;Barlow||||||||&#8220; custom_margin=&#8220;-1px||-1px||true|&#8220; custom_padding=&#8220;3px||5px|||&#8220; text_font_size_tablet=&#8220;18px&#8220; text_font_size_phone=&#8220;16px&#8220; text_font_size_last_edited=&#8220;on|phone&#8220; global_colors_info=&#8220;{}&#8220;]<\/p>\n<p><span>Die National Guild of Hypnotists <\/span><a href=\"file:\/\/\/glossar\/22-National+Guild+of+Hypnotists.html#22\" title=\"\" class=\"glossar_link\">(NGH)<\/a><span> wurde 1951 gegr\u00fcndet. Sie ist die weltweit \u00e4lteste und gr\u00f6\u00dfte Hypnosegesellschaft und in \u00fcber 70 L\u00e4ndern aktiv.<\/span><\/p>\n<p>[\/et_pb_text][\/et_pb_column][\/et_pb_row][et_pb_row _builder_version=&#8220;4.16&#8243; module_alignment=&#8220;center&#8220; custom_margin=&#8220;|auto||180px||&#8220; custom_padding=&#8220;30px|||||&#8220; global_colors_info=&#8220;{}&#8220;][et_pb_column type=&#8220;4_4&#8243; _builder_version=&#8220;4.16&#8243; global_colors_info=&#8220;{}&#8220;][et_pb_divider color=&#8220;#5d9d8b&#8220; divider_weight=&#8220;2px&#8220; _builder_version=&#8220;4.16&#8243; transform_translate=&#8220;0px|10px&#8220; transform_translate_linked=&#8220;off&#8220; width=&#8220;10%&#8220; module_alignment=&#8220;center&#8220; custom_margin=&#8220;|||493px||&#8220; global_colors_info=&#8220;{}&#8220;][\/et_pb_divider][et_pb_text _builder_version=&#8220;4.16&#8243; text_font=&#8220;Barlow||||||||&#8220; text_text_color=&#8220;#5D9D8B&#8220; header_font=&#8220;Barlow||||||||&#8220; header_text_color=&#8220;#024669&#8243; custom_margin=&#8220;||29px|||&#8220; custom_padding=&#8220;0px||0px|||&#8220; saved_tabs=&#8220;all&#8220; inline_fonts=&#8220;Roboto Slab&#8220; global_colors_info=&#8220;{}&#8220;]<\/p>\n<p style=\"text-align: center;\"><span style=\"font-size: xx-large; font-family: 'Roboto Slab';\">Veranstaltungsort<\/span><\/p>\n<p>[\/et_pb_text][et_pb_text _builder_version=&#8220;4.16&#8243; text_font=&#8220;|300|||||||&#8220; text_text_color=&#8220;#666666&#8243; text_font_size=&#8220;20px&#8220; text_line_height=&#8220;1.5em&#8220; header_2_font=&#8220;Barlow||||||||&#8220; custom_margin=&#8220;-1px||-1px||true|&#8220; custom_padding=&#8220;12px||5px|||&#8220; text_font_size_tablet=&#8220;18px&#8220; text_font_size_phone=&#8220;16px&#8220; text_font_size_last_edited=&#8220;on|phone&#8220; global_colors_info=&#8220;{}&#8220;]<\/p>\n<p><span>Das Treffen findet zum angegebenen Datum um 19:30 Uhr in unserem Schulungsraum in der Michael-Welte-Stra\u00dfe 41, 78147 V\u00f6hrenbach statt.<\/span><\/p>\n<p>[\/et_pb_text][\/et_pb_column][\/et_pb_row][et_pb_row _builder_version=&#8220;4.16&#8243; module_alignment=&#8220;center&#8220; custom_margin=&#8220;|auto||180px||&#8220; custom_padding=&#8220;30px|||||&#8220; global_colors_info=&#8220;{}&#8220;][et_pb_column type=&#8220;4_4&#8243; _builder_version=&#8220;4.16&#8243; global_colors_info=&#8220;{}&#8220;][et_pb_divider color=&#8220;#5d9d8b&#8220; divider_weight=&#8220;2px&#8220; _builder_version=&#8220;4.16&#8243; transform_translate=&#8220;0px|10px&#8220; transform_translate_linked=&#8220;off&#8220; width=&#8220;10%&#8220; module_alignment=&#8220;center&#8220; custom_margin=&#8220;|||493px||&#8220; global_colors_info=&#8220;{}&#8220;][\/et_pb_divider][et_pb_text _builder_version=&#8220;4.16&#8243; text_font=&#8220;||||||||&#8220; text_text_color=&#8220;#5D9D8B&#8220; header_font=&#8220;Barlow||||||||&#8220; header_text_color=&#8220;#024669&#8243; custom_margin=&#8220;||29px|||&#8220; custom_padding=&#8220;0px||0px|||&#8220; text_font_size_tablet=&#8220;&#8220; text_font_size_phone=&#8220;&#8220; text_font_size_last_edited=&#8220;on|desktop&#8220; saved_tabs=&#8220;all&#8220; inline_fonts=&#8220;Roboto Slab&#8220; global_colors_info=&#8220;{}&#8220;]<\/p>\n<p style=\"text-align: center;\"><span style=\"font-size: xx-large; font-family: 'Roboto Slab';\">Themen<\/span><\/p>\n<p>[\/et_pb_text][et_pb_text _builder_version=&#8220;4.16&#8243; text_font=&#8220;|300|||||||&#8220; text_text_color=&#8220;#666666&#8243; text_font_size=&#8220;20px&#8220; text_line_height=&#8220;1.5em&#8220; header_2_font=&#8220;Barlow||||||||&#8220; text_orientation=&#8220;center&#8220; custom_margin=&#8220;-1px||-1px||true|&#8220; custom_padding=&#8220;3px||5px|||&#8220; global_colors_info=&#8220;{}&#8220;]<\/p>\n<p><a target=\"_blank\" title=\"Aktuelle Themen der kommenden NGH-Chapter Baden-Wuerttemberg\" href=\"http:\/\/www.hypnosecenter-swb.de\/hypnose-ueber-uns\/ngh-chapter\/\" rel=\"noopener noreferrer\">Themen der kommenden NGH-Chapter Treffen<\/a><span> \/ <\/span><a target=\"_blank\" title=\"Themen der vergangenen NGH-Chapter Baden-Wuerttemberg\" href=\"http:\/\/www.hypnosecenter-swb.de\/hypnose-ueber-uns\/ngh-chapter\/archiv-ngh-chapter-treffen\/\" rel=\"noopener noreferrer\">Archiv der NGH-Chapter Treffen<\/a><\/p>\n<p>[\/et_pb_text][\/et_pb_column][\/et_pb_row][et_pb_row _builder_version=&#8220;4.16&#8243; module_alignment=&#8220;center&#8220; custom_margin=&#8220;|auto||180px||&#8220; custom_padding=&#8220;30px|||||&#8220; global_colors_info=&#8220;{}&#8220;][et_pb_column type=&#8220;4_4&#8243; _builder_version=&#8220;4.16&#8243; global_colors_info=&#8220;{}&#8220;][et_pb_divider color=&#8220;#5d9d8b&#8220; divider_weight=&#8220;2px&#8220; _builder_version=&#8220;4.16&#8243; transform_translate=&#8220;0px|10px&#8220; transform_translate_linked=&#8220;off&#8220; width=&#8220;10%&#8220; module_alignment=&#8220;center&#8220; custom_margin=&#8220;|||493px||&#8220; global_colors_info=&#8220;{}&#8220;][\/et_pb_divider][et_pb_text _builder_version=&#8220;4.16&#8243; text_font=&#8220;Barlow||||||||&#8220; text_text_color=&#8220;#5D9D8B&#8220; header_font=&#8220;Barlow||||||||&#8220; header_text_color=&#8220;#024669&#8243; custom_margin=&#8220;||29px|||&#8220; custom_padding=&#8220;0px||0px|||&#8220; saved_tabs=&#8220;all&#8220; inline_fonts=&#8220;Roboto Slab&#8220; global_colors_info=&#8220;{}&#8220;]<\/p>\n<p style=\"text-align: center;\"><span style=\"font-size: xx-large; font-family: 'Roboto Slab';\">Unkostenbeitrag<\/span><\/p>\n<p>[\/et_pb_text][et_pb_text _builder_version=&#8220;4.16&#8243; text_font=&#8220;|300|||||||&#8220; text_text_color=&#8220;#666666&#8243; text_font_size=&#8220;20px&#8220; text_line_height=&#8220;1.5em&#8220; header_2_font=&#8220;Barlow||||||||&#8220; custom_margin=&#8220;-1px||-1px||true|&#8220; custom_padding=&#8220;3px||4px|||&#8220; text_font_size_tablet=&#8220;18px&#8220; text_font_size_phone=&#8220;16px&#8220; text_font_size_last_edited=&#8220;on|phone&#8220; global_colors_info=&#8220;{}&#8220;]<\/p>\n<p>Der Unkostenbeitrag pro Teilnehmer betr\u00e4gt 20,- Euro, mit g\u00fcltigem NGH-Ausweis 10,- Euro.<br \/> Im Beitrag sind Kaffe, Getr\u00e4nke und Snacks enthalten.<\/p>\n<p>[\/et_pb_text][\/et_pb_column][\/et_pb_row][et_pb_row _builder_version=&#8220;4.16&#8243; module_alignment=&#8220;center&#8220; custom_margin=&#8220;|auto||180px||&#8220; custom_padding=&#8220;30px|||||&#8220; global_colors_info=&#8220;{}&#8220;][et_pb_column type=&#8220;4_4&#8243; _builder_version=&#8220;4.16&#8243; global_colors_info=&#8220;{}&#8220;][et_pb_divider color=&#8220;#5d9d8b&#8220; divider_weight=&#8220;2px&#8220; _builder_version=&#8220;4.16&#8243; transform_translate=&#8220;0px|10px&#8220; transform_translate_linked=&#8220;off&#8220; width=&#8220;10%&#8220; module_alignment=&#8220;center&#8220; custom_margin=&#8220;|||493px||&#8220; global_colors_info=&#8220;{}&#8220;][\/et_pb_divider][et_pb_text _builder_version=&#8220;4.16&#8243; text_font=&#8220;Barlow||||||||&#8220; text_text_color=&#8220;#5D9D8B&#8220; header_font=&#8220;Barlow||||||||&#8220; header_text_color=&#8220;#024669&#8243; custom_margin=&#8220;||29px|||&#8220; custom_padding=&#8220;0px||0px|||&#8220; saved_tabs=&#8220;all&#8220; inline_fonts=&#8220;Roboto Slab&#8220; global_colors_info=&#8220;{}&#8220;]<\/p>\n<p style=\"text-align: center;\"><span style=\"font-size: xx-large; font-family: 'Roboto Slab';\">Anmeldung<\/span><\/p>\n<p>[\/et_pb_text][et_pb_text _builder_version=&#8220;4.16&#8243; text_font=&#8220;|300|||||||&#8220; text_text_color=&#8220;#666666&#8243; text_font_size=&#8220;20px&#8220; text_line_height=&#8220;1.5em&#8220; header_2_font=&#8220;Barlow||||||||&#8220; text_orientation=&#8220;center&#8220; custom_margin=&#8220;-1px||-1px||true|&#8220; custom_padding=&#8220;3px||4px|||&#8220; text_font_size_tablet=&#8220;18px&#8220; text_font_size_phone=&#8220;16px&#8220; text_font_size_last_edited=&#8220;on|phone&#8220; global_colors_info=&#8220;{}&#8220;]<\/p>\n<p>Es wird um eine Voranmeldung per <span class=\"lang_en\" lang=\"en\" xml:lang=\"en\">Mail<\/span> oder Telefon unter folgendem Link gebeten.<br \/> <a href=\"mailto:ngh-chapter@hypnose-bw.com\">NGH-Chapter Baden-W\u00fcrttemberg <\/a>oder Tel. 07723-5042282<\/p>\n<p>[\/et_pb_text][\/et_pb_column][\/et_pb_row][et_pb_row _builder_version=&#8220;4.16&#8243; module_alignment=&#8220;center&#8220; custom_margin=&#8220;|auto||180px||&#8220; custom_padding=&#8220;30px|||||&#8220; global_colors_info=&#8220;{}&#8220;][et_pb_column type=&#8220;4_4&#8243; _builder_version=&#8220;4.16&#8243; global_colors_info=&#8220;{}&#8220;][et_pb_divider color=&#8220;#5d9d8b&#8220; divider_weight=&#8220;2px&#8220; _builder_version=&#8220;4.16&#8243; transform_translate=&#8220;0px|10px&#8220; transform_translate_linked=&#8220;off&#8220; width=&#8220;10%&#8220; module_alignment=&#8220;center&#8220; custom_margin=&#8220;|||493px||&#8220; global_colors_info=&#8220;{}&#8220;][\/et_pb_divider][et_pb_text _builder_version=&#8220;4.16&#8243; text_font=&#8220;Barlow||||||||&#8220; text_text_color=&#8220;#5D9D8B&#8220; header_font=&#8220;Barlow||||||||&#8220; header_text_color=&#8220;#024669&#8243; custom_margin=&#8220;||29px|||&#8220; custom_padding=&#8220;0px||0px|||&#8220; saved_tabs=&#8220;all&#8220; inline_fonts=&#8220;Roboto Slab&#8220; global_colors_info=&#8220;{}&#8220;]<\/p>\n<p style=\"text-align: center;\"><span style=\"font-size: xx-large; font-family: 'Roboto Slab';\">\u00dcbernachtungsm\u00f6glichkeiten<\/span><\/p>\n<p>[\/et_pb_text][et_pb_text _builder_version=&#8220;4.18.0&#8243; text_font=&#8220;|300|||||||&#8220; text_text_color=&#8220;#666666&#8243; text_font_size=&#8220;20px&#8220; text_line_height=&#8220;1.5em&#8220; header_2_font=&#8220;Barlow||||||||&#8220; custom_margin=&#8220;-1px||-1px||true|&#8220; custom_padding=&#8220;3px||4px|||&#8220; hover_enabled=&#8220;0&#8243; text_font_size_tablet=&#8220;18px&#8220; text_font_size_phone=&#8220;16px&#8220; text_font_size_last_edited=&#8220;on|phone&#8220; global_colors_info=&#8220;{}&#8220; sticky_enabled=&#8220;0&#8243;]F\u00fcr alle die nach dem Treffen eine \u00dcbernachtungsm\u00f6glichkeit ben\u00f6tigen, finden \u00fcber folgenden Link eine Auswahl an Gasth\u00f6fen und Hotels sortiert nach Entfernung zum Veranstaltungsort.<br \/>\n<a target=\"_blank\" title=\"Hotels und Gasth\u00f6fe in der N\u00e4he des NGH-Chapters\" href=\"https:\/\/www.trivago.de\/de\/lm\/hotels-v%C3%B6hrenbach-deutschland?search=200-1762;coord-48.04560089111328,8.304200172424316;dr-20221002-20221003;ds-10100;pr-0-10000;rc-1-1;so-5\" rel=\"noopener noreferrer\">\u00dcbernachtungsm\u00f6glichkeiten in Hotels &amp; Gasth\u00f6fen in der N\u00e4he<\/a>[\/et_pb_text][\/et_pb_column][\/et_pb_row][\/et_pb_section]<\/p>\n","protected":false},"excerpt":{"rendered":"<p>NGH-Chapter Baden-W\u00fcrttembergTreffen der Hypnotiseure und Hypnosetherapeuten in Baden-W\u00fcrttemberg. Im Vordergrund der NGH-Chapter Treffen in Baden-W\u00fcrttemberg steht der aktive Erfahrungsaustausch. So werden wir bei jedem dieser Treffen ein spezielles Thema aufbereiten und in einer Pr\u00e4sentation oder Demonstration weitergeben. Jeder Hypnotiseur oder Hypnosetherapeut hat seine Erfahrungen und Spezialgebiete und vom anderen zu Lernen macht uns in der [&hellip;]<\/p>\n","protected":false},"author":3,"featured_media":0,"parent":71,"menu_order":0,"comment_status":"closed","ping_status":"closed","template":"","meta":{"_et_pb_use_builder":"on","_et_pb_old_content":"","_et_gb_content_width":"","footnotes":""},"class_list":["post-218","page","type-page","status-publish","hentry"],"yoast_head":"<!-- This site is optimized with the Yoast SEO plugin v24.1 - https:\/\/yoast.com\/wordpress\/plugins\/seo\/ -->\n<title>NGH-CHapter Baden-W\u00fcrttemberg - Hypnose Center Baden-W\u00fcrttemberg, Hypnosetherapie- und Ausbildung<\/title>\n<meta name=\"robots\" content=\"index, follow, max-snippet:-1, max-image-preview:large, max-video-preview:-1\" \/>\n<link rel=\"canonical\" href=\"https:\/\/www.hypnose-bw.eu\/index.php\/ueber-uns\/ngh-chapter-baden-wuerttemberg\/\" \/>\n<meta property=\"og:locale\" content=\"de_DE\" \/>\n<meta property=\"og:type\" content=\"article\" \/>\n<meta property=\"og:title\" content=\"NGH-CHapter Baden-W\u00fcrttemberg - Hypnose Center Baden-W\u00fcrttemberg, Hypnosetherapie- und Ausbildung\" \/>\n<meta property=\"og:description\" content=\"NGH-Chapter Baden-W\u00fcrttembergTreffen der Hypnotiseure und Hypnosetherapeuten in Baden-W\u00fcrttemberg. Im Vordergrund der NGH-Chapter Treffen in Baden-W\u00fcrttemberg steht der aktive Erfahrungsaustausch. So werden wir bei jedem dieser Treffen ein spezielles Thema aufbereiten und in einer Pr\u00e4sentation oder Demonstration weitergeben. Jeder Hypnotiseur oder Hypnosetherapeut hat seine Erfahrungen und Spezialgebiete und vom anderen zu Lernen macht uns in der [&hellip;]\" \/>\n<meta property=\"og:url\" content=\"https:\/\/www.hypnose-bw.eu\/index.php\/ueber-uns\/ngh-chapter-baden-wuerttemberg\/\" \/>\n<meta property=\"og:site_name\" content=\"Hypnose Center Baden-W\u00fcrttemberg, Hypnosetherapie- und Ausbildung\" \/>\n<meta property=\"article:modified_time\" content=\"2022-09-27T12:22:10+00:00\" \/>\n<meta name=\"twitter:card\" content=\"summary_large_image\" \/>\n<meta name=\"twitter:label1\" content=\"Gesch\u00e4tzte Lesezeit\" \/>\n\t<meta name=\"twitter:data1\" content=\"7\u00a0Minuten\" \/>\n<script type=\"application\/ld+json\" class=\"yoast-schema-graph\">{\"@context\":\"https:\/\/schema.org\",\"@graph\":[{\"@type\":\"WebPage\",\"@id\":\"https:\/\/www.hypnose-bw.eu\/index.php\/ueber-uns\/ngh-chapter-baden-wuerttemberg\/\",\"url\":\"https:\/\/www.hypnose-bw.eu\/index.php\/ueber-uns\/ngh-chapter-baden-wuerttemberg\/\",\"name\":\"NGH-CHapter Baden-W\u00fcrttemberg - Hypnose Center Baden-W\u00fcrttemberg, Hypnosetherapie- und Ausbildung\",\"isPartOf\":{\"@id\":\"https:\/\/www.hypnose-bw.eu\/#website\"},\"datePublished\":\"2020-02-27T11:22:41+00:00\",\"dateModified\":\"2022-09-27T12:22:10+00:00\",\"breadcrumb\":{\"@id\":\"https:\/\/www.hypnose-bw.eu\/index.php\/ueber-uns\/ngh-chapter-baden-wuerttemberg\/#breadcrumb\"},\"inLanguage\":\"de\",\"potentialAction\":[{\"@type\":\"ReadAction\",\"target\":[\"https:\/\/www.hypnose-bw.eu\/index.php\/ueber-uns\/ngh-chapter-baden-wuerttemberg\/\"]}]},{\"@type\":\"BreadcrumbList\",\"@id\":\"https:\/\/www.hypnose-bw.eu\/index.php\/ueber-uns\/ngh-chapter-baden-wuerttemberg\/#breadcrumb\",\"itemListElement\":[{\"@type\":\"ListItem\",\"position\":1,\"name\":\"Home\",\"item\":\"https:\/\/www.hypnose-bw.eu\/\"},{\"@type\":\"ListItem\",\"position\":2,\"name\":\"\u00dcber uns\",\"item\":\"https:\/\/www.hypnose-bw.eu\/index.php\/ueber-uns\/\"},{\"@type\":\"ListItem\",\"position\":3,\"name\":\"NGH-CHapter Baden-W\u00fcrttemberg\"}]},{\"@type\":\"WebSite\",\"@id\":\"https:\/\/www.hypnose-bw.eu\/#website\",\"url\":\"https:\/\/www.hypnose-bw.eu\/\",\"name\":\"Hypnose, Hypnosetherapie und Hypnoseausbildung in Baden-W\u00fcrttemberg\",\"description\":\"Moderne Hypnose bietet heute eine enorme Bandbreite von Anwendungen. Informieren Sie sich auf unseren Seiten zum Thema: Hypnose, Hypnosetherapie und Hypnoseausbildung in Baden-W\u00fcrttemberg.\",\"publisher\":{\"@id\":\"https:\/\/www.hypnose-bw.eu\/#\/schema\/person\/696f9a4168500159d90848a8d0d5cb54\"},\"potentialAction\":[{\"@type\":\"SearchAction\",\"target\":{\"@type\":\"EntryPoint\",\"urlTemplate\":\"https:\/\/www.hypnose-bw.eu\/?s={search_term_string}\"},\"query-input\":{\"@type\":\"PropertyValueSpecification\",\"valueRequired\":true,\"valueName\":\"search_term_string\"}}],\"inLanguage\":\"de\"},{\"@type\":[\"Person\",\"Organization\"],\"@id\":\"https:\/\/www.hypnose-bw.eu\/#\/schema\/person\/696f9a4168500159d90848a8d0d5cb54\",\"name\":\"admin\",\"image\":{\"@type\":\"ImageObject\",\"inLanguage\":\"de\",\"@id\":\"https:\/\/www.hypnose-bw.eu\/#\/schema\/person\/image\/\",\"url\":\"https:\/\/secure.gravatar.com\/avatar\/9c6614c27ceccccabc48687d162e5c06?s=96&d=mm&r=g\",\"contentUrl\":\"https:\/\/secure.gravatar.com\/avatar\/9c6614c27ceccccabc48687d162e5c06?s=96&d=mm&r=g\",\"caption\":\"admin\"},\"logo\":{\"@id\":\"https:\/\/www.hypnose-bw.eu\/#\/schema\/person\/image\/\"}}]}<\/script>\n<!-- \/ Yoast SEO plugin. -->","yoast_head_json":{"title":"NGH-CHapter Baden-W\u00fcrttemberg - Hypnose Center Baden-W\u00fcrttemberg, Hypnosetherapie- und Ausbildung","robots":{"index":"index","follow":"follow","max-snippet":"max-snippet:-1","max-image-preview":"max-image-preview:large","max-video-preview":"max-video-preview:-1"},"canonical":"https:\/\/www.hypnose-bw.eu\/index.php\/ueber-uns\/ngh-chapter-baden-wuerttemberg\/","og_locale":"de_DE","og_type":"article","og_title":"NGH-CHapter Baden-W\u00fcrttemberg - Hypnose Center Baden-W\u00fcrttemberg, Hypnosetherapie- und Ausbildung","og_description":"NGH-Chapter Baden-W\u00fcrttembergTreffen der Hypnotiseure und Hypnosetherapeuten in Baden-W\u00fcrttemberg. Im Vordergrund der NGH-Chapter Treffen in Baden-W\u00fcrttemberg steht der aktive Erfahrungsaustausch. So werden wir bei jedem dieser Treffen ein spezielles Thema aufbereiten und in einer Pr\u00e4sentation oder Demonstration weitergeben. Jeder Hypnotiseur oder Hypnosetherapeut hat seine Erfahrungen und Spezialgebiete und vom anderen zu Lernen macht uns in der [&hellip;]","og_url":"https:\/\/www.hypnose-bw.eu\/index.php\/ueber-uns\/ngh-chapter-baden-wuerttemberg\/","og_site_name":"Hypnose Center Baden-W\u00fcrttemberg, Hypnosetherapie- und Ausbildung","article_modified_time":"2022-09-27T12:22:10+00:00","twitter_card":"summary_large_image","twitter_misc":{"Gesch\u00e4tzte Lesezeit":"7\u00a0Minuten"},"schema":{"@context":"https:\/\/schema.org","@graph":[{"@type":"WebPage","@id":"https:\/\/www.hypnose-bw.eu\/index.php\/ueber-uns\/ngh-chapter-baden-wuerttemberg\/","url":"https:\/\/www.hypnose-bw.eu\/index.php\/ueber-uns\/ngh-chapter-baden-wuerttemberg\/","name":"NGH-CHapter Baden-W\u00fcrttemberg - Hypnose Center Baden-W\u00fcrttemberg, Hypnosetherapie- und Ausbildung","isPartOf":{"@id":"https:\/\/www.hypnose-bw.eu\/#website"},"datePublished":"2020-02-27T11:22:41+00:00","dateModified":"2022-09-27T12:22:10+00:00","breadcrumb":{"@id":"https:\/\/www.hypnose-bw.eu\/index.php\/ueber-uns\/ngh-chapter-baden-wuerttemberg\/#breadcrumb"},"inLanguage":"de","potentialAction":[{"@type":"ReadAction","target":["https:\/\/www.hypnose-bw.eu\/index.php\/ueber-uns\/ngh-chapter-baden-wuerttemberg\/"]}]},{"@type":"BreadcrumbList","@id":"https:\/\/www.hypnose-bw.eu\/index.php\/ueber-uns\/ngh-chapter-baden-wuerttemberg\/#breadcrumb","itemListElement":[{"@type":"ListItem","position":1,"name":"Home","item":"https:\/\/www.hypnose-bw.eu\/"},{"@type":"ListItem","position":2,"name":"\u00dcber uns","item":"https:\/\/www.hypnose-bw.eu\/index.php\/ueber-uns\/"},{"@type":"ListItem","position":3,"name":"NGH-CHapter Baden-W\u00fcrttemberg"}]},{"@type":"WebSite","@id":"https:\/\/www.hypnose-bw.eu\/#website","url":"https:\/\/www.hypnose-bw.eu\/","name":"Hypnose, Hypnosetherapie und Hypnoseausbildung in Baden-W\u00fcrttemberg","description":"Moderne Hypnose bietet heute eine enorme Bandbreite von Anwendungen. Informieren Sie sich auf unseren Seiten zum Thema: Hypnose, Hypnosetherapie und Hypnoseausbildung in Baden-W\u00fcrttemberg.","publisher":{"@id":"https:\/\/www.hypnose-bw.eu\/#\/schema\/person\/696f9a4168500159d90848a8d0d5cb54"},"potentialAction":[{"@type":"SearchAction","target":{"@type":"EntryPoint","urlTemplate":"https:\/\/www.hypnose-bw.eu\/?s={search_term_string}"},"query-input":{"@type":"PropertyValueSpecification","valueRequired":true,"valueName":"search_term_string"}}],"inLanguage":"de"},{"@type":["Person","Organization"],"@id":"https:\/\/www.hypnose-bw.eu\/#\/schema\/person\/696f9a4168500159d90848a8d0d5cb54","name":"admin","image":{"@type":"ImageObject","inLanguage":"de","@id":"https:\/\/www.hypnose-bw.eu\/#\/schema\/person\/image\/","url":"https:\/\/secure.gravatar.com\/avatar\/9c6614c27ceccccabc48687d162e5c06?s=96&d=mm&r=g","contentUrl":"https:\/\/secure.gravatar.com\/avatar\/9c6614c27ceccccabc48687d162e5c06?s=96&d=mm&r=g","caption":"admin"},"logo":{"@id":"https:\/\/www.hypnose-bw.eu\/#\/schema\/person\/image\/"}}]}},"_links":{"self":[{"href":"https:\/\/www.hypnose-bw.eu\/index.php\/wp-json\/wp\/v2\/pages\/218","targetHints":{"allow":["GET"]}}],"collection":[{"href":"https:\/\/www.hypnose-bw.eu\/index.php\/wp-json\/wp\/v2\/pages"}],"about":[{"href":"https:\/\/www.hypnose-bw.eu\/index.php\/wp-json\/wp\/v2\/types\/page"}],"author":[{"embeddable":true,"href":"https:\/\/www.hypnose-bw.eu\/index.php\/wp-json\/wp\/v2\/users\/3"}],"replies":[{"embeddable":true,"href":"https:\/\/www.hypnose-bw.eu\/index.php\/wp-json\/wp\/v2\/comments?post=218"}],"version-history":[{"count":12,"href":"https:\/\/www.hypnose-bw.eu\/index.php\/wp-json\/wp\/v2\/pages\/218\/revisions"}],"predecessor-version":[{"id":1555,"href":"https:\/\/www.hypnose-bw.eu\/index.php\/wp-json\/wp\/v2\/pages\/218\/revisions\/1555"}],"up":[{"embeddable":true,"href":"https:\/\/www.hypnose-bw.eu\/index.php\/wp-json\/wp\/v2\/pages\/71"}],"wp:attachment":[{"href":"https:\/\/www.hypnose-bw.eu\/index.php\/wp-json\/wp\/v2\/media?parent=218"}],"curies":[{"name":"wp","href":"https:\/\/api.w.org\/{rel}","templated":true}]}}